{"id":14778,"date":"2021-05-27T13:06:53","date_gmt":"2021-05-27T11:06:53","guid":{"rendered":"https:\/\/amspiegeln.at\/?page_id=14778"},"modified":"2026-03-13T15:55:01","modified_gmt":"2026-03-13T14:55:01","slug":"accomodation","status":"publish","type":"page","link":"https:\/\/amspiegeln.at\/en\/accomodation\/","title":{"rendered":"Accomodation"},"content":{"rendered":"<div class=\"wpb-content-wrapper\"><p>[vc_row row_content_width=&#8221;grid&#8221; css=&#8221;.vc_custom_1620042355053{padding-top: 100px !important;padding-bottom: 60px !important;}&#8221;][vc_column width=&#8221;1\/6&#8243;][\/vc_column][vc_column width=&#8221;2\/3&#8243;]<div class=\"mkdf-section-title-holder  mkdf-st-standard mkdf-st-ha-center mkdf-st-title-left mkdf-st-normal-space \" style=\"text-align: center\">\n\t<div class=\"mkdf-st-inner\">\n\t\t\t\t\t<h6 class=\"mkdf-st-subtitle\" style=\"margin-bottom:0px\">\n\t\t\t\tdialog.hotel\t\t\t<\/h6>\n\t\t\t\t\t\t\t<h2 class=\"mkdf-st-title\" >\n\t\t\t\tAccomodation\t\t\t\t\t\t\t<\/h2>\n\t\t\t\t\t\t\t<div class=\"mkdf-st-separator\" ><\/div>\n\t\t\t\t\t<\/div>\n<\/div>[vc_column_text css=&#8221;&#8221;]<\/p>\n<p style=\"text-align: center\">Perfect for tourists &amp; business travellers.<\/p>\n<p style=\"text-align: center\">Our spacious rooms with a view of the Viennese vineyards invite you to relax and switch off.<\/p>\n<p style=\"text-align: center\">Arrive relaxed. If you check in after 6 pm, we will leave your room key in the key box to the left of the entrance.<\/p>\n<p style=\"text-align: center\">To start the day, we have a rich breakfast buffet ready for you, on weekdays from 6.30 am.<\/p>\n<p>[\/vc_column_text][\/vc_column][vc_column width=&#8221;1\/6&#8243;][\/vc_column][\/vc_row][vc_row row_content_width=&#8221;grid&#8221; css=&#8221;.vc_custom_1733145175349{padding-bottom: 70px !important;}&#8221;][vc_column width=&#8221;1\/4&#8243;][\/vc_column][vc_column width=&#8221;1\/4&#8243; el_class=&#8221;spiegel-center&#8221;]    <span class=\"mkdf-icon-shortcode mkdf-normal   mkdf-icon-small\"  >\n                    <i class=\"mkdf-icon-linear-icon lnr lnr-user mkdf-icon-element\" style=\"\" ><\/i>            <\/span>\n<div class=\"mkdf-section-title-holder spiegel-icon-text mkdf-st-standard mkdf-st-ha-center mkdf-st-title-left mkdf-st-normal-space \" style=\"text-align: center\">\n\t<div class=\"mkdf-st-inner\">\n\t\t\t\t\t\t\t<h5 class=\"mkdf-st-title\" >\n\t\t\t\t8 x Single rooms\t\t\t\t\t\t\t<\/h5>\n\t\t\t\t\t\t\t<div class=\"mkdf-st-separator\" style=\"background-color: #000000\"><\/div>\n\t\t\t\t\t\t\t<span class=\"mkdf-st-text\" >\n\t\t\t\twith room, anteroom, bath or shower, WC, size 18sqm<br \/>\nSubject to availability (and on request): on the 3rd floor with balcony and air conditioning.<br \/>\nTwin rooms are also available as single rooms if required and if possible.\t\t\t<\/span>\n\t\t\t<\/div>\n<\/div>[vc_empty_space height=&#8221;40px&#8221;][\/vc_column][vc_column width=&#8221;1\/4&#8243; el_class=&#8221;spiegel-center&#8221;]    <span class=\"mkdf-icon-shortcode mkdf-normal   mkdf-icon-small\"  >\n                    <i class=\"mkdf-icon-linear-icon lnr lnr-users mkdf-icon-element\" style=\"\" ><\/i>            <\/span>\n<div class=\"mkdf-section-title-holder spiegel-icon-text mkdf-st-standard mkdf-st-ha-center mkdf-st-title-left mkdf-st-normal-space \" style=\"text-align: center\">\n\t<div class=\"mkdf-st-inner\">\n\t\t\t\t\t\t\t<h5 class=\"mkdf-st-title\" >\n\t\t\t\t17 x Double rooms\t\t\t\t\t\t\t<\/h5>\n\t\t\t\t\t\t\t<div class=\"mkdf-st-separator\" style=\"background-color: #000000\"><\/div>\n\t\t\t\t\t\t\t<span class=\"mkdf-st-text\" >\n\t\t\t\twith room, anteroom, bath or shower, separate WC, size 21sqm (with bay window 24sqm).<br \/>\nOptionally available as a double room (double bed 180cm x 200cm) or twin room (twin, separate beds 90cm x 200cm), each extendable to multi-bed room (3-4 beds, with sofa beds).\t\t\t<\/span>\n\t\t\t<\/div>\n<\/div>[\/vc_column][vc_column width=&#8221;1\/4&#8243;][\/vc_column][\/vc_row][vc_row full_width=&#8221;stretch_row&#8221; css=&#8221;.vc_custom_1733145092164{padding-top: 0px !important;padding-bottom: 70px !important;}&#8221;][vc_column width=&#8221;1\/6&#8243;][\/vc_column][vc_column width=&#8221;2\/3&#8243; el_class=&#8221;spiegel-center&#8221;]<div class=\"mkdf-section-title-holder  mkdf-st-standard  mkdf-st-title-left mkdf-st-normal-space \" >\n\t<div class=\"mkdf-st-inner\">\n\t\t\t\t\t\t\t<h5 class=\"mkdf-st-title\" >\n\t\t\t\tExtras\t\t\t\t\t\t\t<\/h5>\n\t\t\t\t\t\t\t<\/div>\n<\/div><div class=\"mkdf-separator-holder clearfix spiegel-mini-separator mkdf-separator-center \">\n\t<div class=\"mkdf-separator\" ><\/div>\n<\/div>\n[vc_column_text css=&#8221;&#8221;]WLAN (free of charge), WC and shower\/bath in the room, satellite TV with 32\u2019 flat screen, hairdryer, safe (on demand), desk, guest folder, parquet floor.<\/p>\n<p>Our hotel is a non-smoking hotel. One of the rooms is equipped for the disabled, all other rooms are disabled-friendly. On special request, our guests can also receive bed linen for allergy sufferers.<br \/>\nRooms, bathrooms and the entire hotel are cleaned in an environmentally friendly manner, without the use of strong chemicals.<\/p>\n<p>We have been a certified <a href=\"https:\/\/amspiegeln.at\/en\/host-your-green-event-with-us\/\" target=\"_blank\" rel=\"noopener\">GREEN HOTEL<\/a> since 2013.[\/vc_column_text][\/vc_column][vc_column width=&#8221;1\/6&#8243;][\/vc_column][\/vc_row][vc_row equal_height=&#8221;yes&#8221; content_placement=&#8221;middle&#8221; row_content_width=&#8221;grid&#8221; css=&#8221;.vc_custom_1733143752493{padding-top: 0px !important;padding-right: 0px !important;padding-bottom: 0px !important;padding-left: 0px !important;}&#8221;][vc_column offset=&#8221;vc_col-md-6&#8243; css=&#8221;.vc_custom_1733143804316{padding-top: 0px !important;padding-right: 0px !important;padding-bottom: 0px !important;padding-left: 0px !important;}&#8221;]<div class=\"mkdf-image-gallery  mkdf-ig-slider-type  mkdf-image-behavior-lightbox \">\n\t<div class=\"mkdf-ig-slider mkdf-owl-slider\" data-number-of-items=\"1\" data-enable-loop=\"yes\" data-enable-autoplay=\"yes\" data-slider-speed=\"5000\" data-slider-speed-animation=\"600\" data-slider-padding=\"no\" data-enable-navigation=\"no\" data-enable-pagination=\"no\">\n\t\t\t\t\t<div class=\"mkdf-ig-image\">\n\t\t\t\t\t\t\t\t\t<a itemprop=\"image\" class=\"mkdf-ig-lightbox mkdf-block-drag-link\" href=\"https:\/\/amspiegeln.at\/wp-content\/uploads\/2021\/05\/hotel-am-spiegeln-rooms-double-01.jpg\" data-rel=\"prettyPhoto[image_gallery_pretty_photo-414]\" title=\"hotel-am-spiegeln-rooms-double-01\">\n\t\t\t\t\t\t\t\t\t<img loading=\"lazy\" decoding=\"async\" width=\"1000\" height=\"650\" src=\"https:\/\/amspiegeln.at\/wp-content\/uploads\/2021\/05\/hotel-am-spiegeln-rooms-double-01.jpg\" class=\"attachment-full size-full\" alt=\"\" srcset=\"https:\/\/amspiegeln.at\/wp-content\/uploads\/2021\/05\/hotel-am-spiegeln-rooms-double-01.jpg 1000w, https:\/\/amspiegeln.at\/wp-content\/uploads\/2021\/05\/hotel-am-spiegeln-rooms-double-01-300x195.jpg 300w, https:\/\/amspiegeln.at\/wp-content\/uploads\/2021\/05\/hotel-am-spiegeln-rooms-double-01-768x499.jpg 768w\" sizes=\"auto, (max-width: 1000px) 100vw, 1000px\" \/>\t\t\t\t\t\t\t\t\t<\/a>\n\t\t\t\t\t\t\t<\/div>\n\t\t\t\t\t<div class=\"mkdf-ig-image\">\n\t\t\t\t\t\t\t\t\t<a itemprop=\"image\" class=\"mkdf-ig-lightbox mkdf-block-drag-link\" href=\"https:\/\/amspiegeln.at\/wp-content\/uploads\/2021\/05\/hotel-am-spiegeln-rooms-double-03.jpg\" data-rel=\"prettyPhoto[image_gallery_pretty_photo-414]\" title=\"hotel-am-spiegeln-rooms-double-03\">\n\t\t\t\t\t\t\t\t\t<img loading=\"lazy\" decoding=\"async\" width=\"1000\" height=\"650\" src=\"https:\/\/amspiegeln.at\/wp-content\/uploads\/2021\/05\/hotel-am-spiegeln-rooms-double-03.jpg\" class=\"attachment-full size-full\" alt=\"\" srcset=\"https:\/\/amspiegeln.at\/wp-content\/uploads\/2021\/05\/hotel-am-spiegeln-rooms-double-03.jpg 1000w, https:\/\/amspiegeln.at\/wp-content\/uploads\/2021\/05\/hotel-am-spiegeln-rooms-double-03-300x195.jpg 300w, https:\/\/amspiegeln.at\/wp-content\/uploads\/2021\/05\/hotel-am-spiegeln-rooms-double-03-768x499.jpg 768w\" sizes=\"auto, (max-width: 1000px) 100vw, 1000px\" \/>\t\t\t\t\t\t\t\t\t<\/a>\n\t\t\t\t\t\t\t<\/div>\n\t\t\t\t\t<div class=\"mkdf-ig-image\">\n\t\t\t\t\t\t\t\t\t<a itemprop=\"image\" class=\"mkdf-ig-lightbox mkdf-block-drag-link\" href=\"https:\/\/amspiegeln.at\/wp-content\/uploads\/2021\/05\/hotel-am-spiegeln-rooms-double-02.jpg\" data-rel=\"prettyPhoto[image_gallery_pretty_photo-414]\" title=\"hotel-am-spiegeln-rooms-double-02\">\n\t\t\t\t\t\t\t\t\t<img loading=\"lazy\" decoding=\"async\" width=\"1000\" height=\"650\" src=\"https:\/\/amspiegeln.at\/wp-content\/uploads\/2021\/05\/hotel-am-spiegeln-rooms-double-02.jpg\" class=\"attachment-full size-full\" alt=\"\" srcset=\"https:\/\/amspiegeln.at\/wp-content\/uploads\/2021\/05\/hotel-am-spiegeln-rooms-double-02.jpg 1000w, https:\/\/amspiegeln.at\/wp-content\/uploads\/2021\/05\/hotel-am-spiegeln-rooms-double-02-300x195.jpg 300w, https:\/\/amspiegeln.at\/wp-content\/uploads\/2021\/05\/hotel-am-spiegeln-rooms-double-02-768x499.jpg 768w\" sizes=\"auto, (max-width: 1000px) 100vw, 1000px\" \/>\t\t\t\t\t\t\t\t\t<\/a>\n\t\t\t\t\t\t\t<\/div>\n\t\t\t\t\t<div class=\"mkdf-ig-image\">\n\t\t\t\t\t\t\t\t\t<a itemprop=\"image\" class=\"mkdf-ig-lightbox mkdf-block-drag-link\" href=\"https:\/\/amspiegeln.at\/wp-content\/uploads\/2021\/05\/hotel-am-spiegeln-rooms-bathroom-04.jpg\" data-rel=\"prettyPhoto[image_gallery_pretty_photo-414]\" title=\"hotel-am-spiegeln-rooms-bathroom-04\">\n\t\t\t\t\t\t\t\t\t<img loading=\"lazy\" decoding=\"async\" width=\"1000\" height=\"650\" src=\"https:\/\/amspiegeln.at\/wp-content\/uploads\/2021\/05\/hotel-am-spiegeln-rooms-bathroom-04.jpg\" class=\"attachment-full size-full\" alt=\"\" srcset=\"https:\/\/amspiegeln.at\/wp-content\/uploads\/2021\/05\/hotel-am-spiegeln-rooms-bathroom-04.jpg 1000w, https:\/\/amspiegeln.at\/wp-content\/uploads\/2021\/05\/hotel-am-spiegeln-rooms-bathroom-04-300x195.jpg 300w, https:\/\/amspiegeln.at\/wp-content\/uploads\/2021\/05\/hotel-am-spiegeln-rooms-bathroom-04-768x499.jpg 768w\" sizes=\"auto, (max-width: 1000px) 100vw, 1000px\" \/>\t\t\t\t\t\t\t\t\t<\/a>\n\t\t\t\t\t\t\t<\/div>\n\t\t\t\t\t<div class=\"mkdf-ig-image\">\n\t\t\t\t\t\t\t\t\t<a itemprop=\"image\" class=\"mkdf-ig-lightbox mkdf-block-drag-link\" href=\"https:\/\/amspiegeln.at\/wp-content\/uploads\/2021\/05\/hotel-am-spiegeln-rooms-single-05.jpg\" data-rel=\"prettyPhoto[image_gallery_pretty_photo-414]\" title=\"hotel-am-spiegeln-rooms-single-05\">\n\t\t\t\t\t\t\t\t\t<img loading=\"lazy\" decoding=\"async\" width=\"1000\" height=\"650\" src=\"https:\/\/amspiegeln.at\/wp-content\/uploads\/2021\/05\/hotel-am-spiegeln-rooms-single-05.jpg\" class=\"attachment-full size-full\" alt=\"\" srcset=\"https:\/\/amspiegeln.at\/wp-content\/uploads\/2021\/05\/hotel-am-spiegeln-rooms-single-05.jpg 1000w, https:\/\/amspiegeln.at\/wp-content\/uploads\/2021\/05\/hotel-am-spiegeln-rooms-single-05-300x195.jpg 300w, https:\/\/amspiegeln.at\/wp-content\/uploads\/2021\/05\/hotel-am-spiegeln-rooms-single-05-768x499.jpg 768w\" sizes=\"auto, (max-width: 1000px) 100vw, 1000px\" \/>\t\t\t\t\t\t\t\t\t<\/a>\n\t\t\t\t\t\t\t<\/div>\n\t\t\t\t\t<div class=\"mkdf-ig-image\">\n\t\t\t\t\t\t\t\t\t<a itemprop=\"image\" class=\"mkdf-ig-lightbox mkdf-block-drag-link\" href=\"https:\/\/amspiegeln.at\/wp-content\/uploads\/2021\/05\/hotel-am-spiegeln-rooms-single-06.jpg\" data-rel=\"prettyPhoto[image_gallery_pretty_photo-414]\" title=\"hotel-am-spiegeln-rooms-single-06\">\n\t\t\t\t\t\t\t\t\t<img loading=\"lazy\" decoding=\"async\" width=\"1000\" height=\"650\" src=\"https:\/\/amspiegeln.at\/wp-content\/uploads\/2021\/05\/hotel-am-spiegeln-rooms-single-06.jpg\" class=\"attachment-full size-full\" alt=\"\" srcset=\"https:\/\/amspiegeln.at\/wp-content\/uploads\/2021\/05\/hotel-am-spiegeln-rooms-single-06.jpg 1000w, https:\/\/amspiegeln.at\/wp-content\/uploads\/2021\/05\/hotel-am-spiegeln-rooms-single-06-300x195.jpg 300w, https:\/\/amspiegeln.at\/wp-content\/uploads\/2021\/05\/hotel-am-spiegeln-rooms-single-06-768x499.jpg 768w\" sizes=\"auto, (max-width: 1000px) 100vw, 1000px\" \/>\t\t\t\t\t\t\t\t\t<\/a>\n\t\t\t\t\t\t\t<\/div>\n\t\t\t\t\t<div class=\"mkdf-ig-image\">\n\t\t\t\t\t\t\t\t\t<a itemprop=\"image\" class=\"mkdf-ig-lightbox mkdf-block-drag-link\" href=\"https:\/\/amspiegeln.at\/wp-content\/uploads\/2021\/05\/hotel-am-spiegeln-rooms-bathroom-07.png\" data-rel=\"prettyPhoto[image_gallery_pretty_photo-414]\" title=\"hotel-am-spiegeln-rooms-bathroom-07\">\n\t\t\t\t\t\t\t\t\t<img loading=\"lazy\" decoding=\"async\" width=\"1000\" height=\"650\" src=\"https:\/\/amspiegeln.at\/wp-content\/uploads\/2021\/05\/hotel-am-spiegeln-rooms-bathroom-07.png\" class=\"attachment-full size-full\" alt=\"\" srcset=\"https:\/\/amspiegeln.at\/wp-content\/uploads\/2021\/05\/hotel-am-spiegeln-rooms-bathroom-07.png 1000w, https:\/\/amspiegeln.at\/wp-content\/uploads\/2021\/05\/hotel-am-spiegeln-rooms-bathroom-07-300x195.png 300w, https:\/\/amspiegeln.at\/wp-content\/uploads\/2021\/05\/hotel-am-spiegeln-rooms-bathroom-07-768x499.png 768w\" sizes=\"auto, (max-width: 1000px) 100vw, 1000px\" \/>\t\t\t\t\t\t\t\t\t<\/a>\n\t\t\t\t\t\t\t<\/div>\n\t\t\t<\/div>\n<\/div>[\/vc_column][vc_column offset=&#8221;vc_col-md-6&#8243; css=&#8221;.vc_custom_1733143798945{padding-top: 0px !important;padding-right: 0px !important;padding-bottom: 0px !important;padding-left: 0px !important;}&#8221;]<div class=\"mkdf-elements-holder   mkdf-one-column  mkdf-responsive-mode-768 \" ><div class=\"mkdf-eh-item    \"  data-item-class=\"mkdf-eh-custom-7614\" data-1280-1600=\"0px 30px 0px 30px\" data-1024-1280=\"0px 30px 0px 30px\" data-768-1024=\"0px 30px 0px 30px\" data-680-768=\"0px 30px 0px 30px\" data-680=\"0px 30px 0px 30px\">\n\t<div class=\"mkdf-eh-item-inner\">\n\t\t<div class=\"mkdf-eh-item-content mkdf-eh-custom-7614\" style=\"padding: 0px 30px 0px 30px\">\n\t\t\t[vc_empty_space height=&#8221;50px&#8221;]<div class=\"mkdf-section-title-holder  mkdf-st-standard  mkdf-st-title-left mkdf-st-normal-space \" >\n\t<div class=\"mkdf-st-inner\">\n\t\t\t\t\t\t\t<h5 class=\"mkdf-st-title\" >\n\t\t\t\tReception hours\t\t\t\t\t\t\t<\/h5>\n\t\t\t\t\t\t\t<\/div>\n<\/div><div class=\"mkdf-separator-holder clearfix spiegel-mini-separator mkdf-separator-center \">\n\t<div class=\"mkdf-separator\" ><\/div>\n<\/div>\n[vc_column_text css=&#8221;.vc_custom_1747317037132{margin-bottom: 0px !important;padding-right: 0px !important;padding-bottom: 0px !important;}&#8221;]Monday-Friday 07:00 &#8211; 11:00 and 14:00 &#8211; 18:00,<\/p>\n<p>Saturday, Sunday and public holidays 07:30 &#8211; 10:00 and 14:00 &#8211; 18:00 and as required<\/p>\n<p>For arrivals outside opening hours: on request you will receive a code for the key box (to the left of the entrance)<\/p>\n<p><a href=\"https:\/\/welcome.gastfreund.net\/164757\">Guest information at a glance<\/a>.[\/vc_column_text][vc_empty_space height=&#8221;50px&#8221;]\t\t<\/div>\n\t<\/div>\n<\/div><\/div>[\/vc_column][\/vc_row][vc_row equal_height=&#8221;yes&#8221; content_placement=&#8221;middle&#8221; row_content_width=&#8221;grid&#8221; css=&#8221;.vc_custom_1733149420236{padding-top: 0px !important;padding-bottom: 0px !important;}&#8221; el_class=&#8221;spiegel-reverse-column&#8221;][vc_column offset=&#8221;vc_col-md-6&#8243; css=&#8221;.vc_custom_1733143817585{padding-top: 0px !important;padding-right: 0px !important;padding-bottom: 0px !important;padding-left: 0px !important;}&#8221;]<div class=\"mkdf-elements-holder   mkdf-one-column  mkdf-responsive-mode-768 \" ><div class=\"mkdf-eh-item    \"  data-item-class=\"mkdf-eh-custom-8288\" data-1280-1600=\"0px 0px 0px 30px\" data-1024-1280=\"0px 0px 0px 30px\" data-768-1024=\"0px 0px 0px 30px\" data-680-768=\"0px 30px 0px 30px\" data-680=\"0px 30px 0px 30px\">\n\t<div class=\"mkdf-eh-item-inner\">\n\t\t<div class=\"mkdf-eh-item-content mkdf-eh-custom-8288\" style=\"padding: 0px 30px 0px 30px\">\n\t\t\t[vc_empty_space height=&#8221;50px&#8221;]<div class=\"mkdf-section-title-holder  mkdf-st-standard mkdf-st-ha-left mkdf-st-title-left mkdf-st-normal-space \" style=\"text-align: left\">\n\t<div class=\"mkdf-st-inner\">\n\t\t\t\t\t\t\t<h5 class=\"mkdf-st-title\" >\n\t\t\t\tBreakfast hours\t\t\t\t\t\t\t<\/h5>\n\t\t\t\t\t\t\t<\/div>\n<\/div><div class=\"mkdf-separator-holder clearfix spiegel-mini-separator mkdf-separator-center \">\n\t<div class=\"mkdf-separator\" ><\/div>\n<\/div>\n[vc_column_text css=&#8221;.vc_custom_1733145987654{margin-bottom: 0px !important;padding-right: 0px !important;padding-bottom: 0px !important;}&#8221;]Weekdays 6:30\u20139:00 am, weekends and public holidays 7:00\u20139:30 am.<\/p>\n<p>Our <a href=\"https:\/\/amspiegeln.at\/en\/cafeteria\/\">cafeteria<\/a> is open during the day until 6 pm.[\/vc_column_text][vc_empty_space height=&#8221;50px&#8221;]\t\t<\/div>\n\t<\/div>\n<\/div><\/div>[\/vc_column][vc_column offset=&#8221;vc_col-md-6&#8243; css=&#8221;.vc_custom_1733149408765{padding-top: 0px !important;padding-right: 0px !important;padding-bottom: 0px !important;padding-left: 0px !important;}&#8221;]<div class=\"mkdf-image-gallery  mkdf-ig-slider-type  mkdf-image-behavior-lightbox \">\n\t<div class=\"mkdf-ig-slider mkdf-owl-slider\" data-number-of-items=\"1\" data-enable-loop=\"yes\" data-enable-autoplay=\"yes\" data-slider-speed=\"5000\" data-slider-speed-animation=\"600\" data-slider-padding=\"no\" data-enable-navigation=\"no\" data-enable-pagination=\"no\">\n\t\t\t\t\t<div class=\"mkdf-ig-image\">\n\t\t\t\t\t\t\t\t\t<a itemprop=\"image\" class=\"mkdf-ig-lightbox mkdf-block-drag-link\" href=\"https:\/\/amspiegeln.at\/wp-content\/uploads\/2024\/11\/salziges-zum-fruehstueck-im-hotel-am-spiegeln.jpg\" data-rel=\"prettyPhoto[image_gallery_pretty_photo-967]\" title=\"salziges-zum-fruehstueck-im-hotel-am-spiegeln\">\n\t\t\t\t\t\t\t\t\t<img loading=\"lazy\" decoding=\"async\" width=\"1333\" height=\"867\" src=\"https:\/\/amspiegeln.at\/wp-content\/uploads\/2024\/11\/salziges-zum-fruehstueck-im-hotel-am-spiegeln.jpg\" class=\"attachment-full size-full\" alt=\"K\u00e4se, Obst, Gem\u00fcse und weiteres Salziges am Fr\u00fchst\u00fccksbuffet\" srcset=\"https:\/\/amspiegeln.at\/wp-content\/uploads\/2024\/11\/salziges-zum-fruehstueck-im-hotel-am-spiegeln.jpg 1333w, https:\/\/amspiegeln.at\/wp-content\/uploads\/2024\/11\/salziges-zum-fruehstueck-im-hotel-am-spiegeln-300x195.jpg 300w, https:\/\/amspiegeln.at\/wp-content\/uploads\/2024\/11\/salziges-zum-fruehstueck-im-hotel-am-spiegeln-1024x666.jpg 1024w, https:\/\/amspiegeln.at\/wp-content\/uploads\/2024\/11\/salziges-zum-fruehstueck-im-hotel-am-spiegeln-768x500.jpg 768w\" sizes=\"auto, (max-width: 1333px) 100vw, 1333px\" \/>\t\t\t\t\t\t\t\t\t<\/a>\n\t\t\t\t\t\t\t<\/div>\n\t\t\t\t\t<div class=\"mkdf-ig-image\">\n\t\t\t\t\t\t\t\t\t<a itemprop=\"image\" class=\"mkdf-ig-lightbox mkdf-block-drag-link\" href=\"https:\/\/amspiegeln.at\/wp-content\/uploads\/2024\/11\/buffet-im-hotel-am-spiegeln.jpg\" data-rel=\"prettyPhoto[image_gallery_pretty_photo-967]\" title=\"buffet-im-hotel-am-spiegeln\">\n\t\t\t\t\t\t\t\t\t<img loading=\"lazy\" decoding=\"async\" width=\"1333\" height=\"867\" src=\"https:\/\/amspiegeln.at\/wp-content\/uploads\/2024\/11\/buffet-im-hotel-am-spiegeln.jpg\" class=\"attachment-full size-full\" alt=\"das Buffet bei am Spiegeln ist sch\u00f6n gedeckt\" srcset=\"https:\/\/amspiegeln.at\/wp-content\/uploads\/2024\/11\/buffet-im-hotel-am-spiegeln.jpg 1333w, https:\/\/amspiegeln.at\/wp-content\/uploads\/2024\/11\/buffet-im-hotel-am-spiegeln-300x195.jpg 300w, https:\/\/amspiegeln.at\/wp-content\/uploads\/2024\/11\/buffet-im-hotel-am-spiegeln-1024x666.jpg 1024w, https:\/\/amspiegeln.at\/wp-content\/uploads\/2024\/11\/buffet-im-hotel-am-spiegeln-768x500.jpg 768w\" sizes=\"auto, (max-width: 1333px) 100vw, 1333px\" \/>\t\t\t\t\t\t\t\t\t<\/a>\n\t\t\t\t\t\t\t<\/div>\n\t\t\t\t\t<div class=\"mkdf-ig-image\">\n\t\t\t\t\t\t\t\t\t<a itemprop=\"image\" class=\"mkdf-ig-lightbox mkdf-block-drag-link\" href=\"https:\/\/amspiegeln.at\/wp-content\/uploads\/2024\/11\/muesli-zum-fruehstueck-im-hotel-am-spiegeln.jpg\" data-rel=\"prettyPhoto[image_gallery_pretty_photo-967]\" title=\"muesli-zum-fruehstueck-im-hotel-am-spiegeln\">\n\t\t\t\t\t\t\t\t\t<img loading=\"lazy\" decoding=\"async\" width=\"1333\" height=\"867\" src=\"https:\/\/amspiegeln.at\/wp-content\/uploads\/2024\/11\/muesli-zum-fruehstueck-im-hotel-am-spiegeln.jpg\" class=\"attachment-full size-full\" alt=\"verschiedenes M\u00fcsli und Obst beim Fr\u00fchst\u00fccksbuffet\" srcset=\"https:\/\/amspiegeln.at\/wp-content\/uploads\/2024\/11\/muesli-zum-fruehstueck-im-hotel-am-spiegeln.jpg 1333w, https:\/\/amspiegeln.at\/wp-content\/uploads\/2024\/11\/muesli-zum-fruehstueck-im-hotel-am-spiegeln-300x195.jpg 300w, https:\/\/amspiegeln.at\/wp-content\/uploads\/2024\/11\/muesli-zum-fruehstueck-im-hotel-am-spiegeln-1024x666.jpg 1024w, https:\/\/amspiegeln.at\/wp-content\/uploads\/2024\/11\/muesli-zum-fruehstueck-im-hotel-am-spiegeln-768x500.jpg 768w\" sizes=\"auto, (max-width: 1333px) 100vw, 1333px\" \/>\t\t\t\t\t\t\t\t\t<\/a>\n\t\t\t\t\t\t\t<\/div>\n\t\t\t\t\t<div class=\"mkdf-ig-image\">\n\t\t\t\t\t\t\t\t\t<a itemprop=\"image\" class=\"mkdf-ig-lightbox mkdf-block-drag-link\" href=\"https:\/\/amspiegeln.at\/wp-content\/uploads\/2024\/11\/kaffeemaschine-beim-fruehstuecksbuffet.jpg\" data-rel=\"prettyPhoto[image_gallery_pretty_photo-967]\" title=\"kaffeemaschine-beim-fruehstuecksbuffet\">\n\t\t\t\t\t\t\t\t\t<img loading=\"lazy\" decoding=\"async\" width=\"1333\" height=\"867\" src=\"https:\/\/amspiegeln.at\/wp-content\/uploads\/2024\/11\/kaffeemaschine-beim-fruehstuecksbuffet.jpg\" class=\"attachment-full size-full\" alt=\"zwei Kaffeemaschinen sorgen f\u00fcr guten Kaffee zum Fr\u00fchst\u00fcck\" srcset=\"https:\/\/amspiegeln.at\/wp-content\/uploads\/2024\/11\/kaffeemaschine-beim-fruehstuecksbuffet.jpg 1333w, https:\/\/amspiegeln.at\/wp-content\/uploads\/2024\/11\/kaffeemaschine-beim-fruehstuecksbuffet-300x195.jpg 300w, https:\/\/amspiegeln.at\/wp-content\/uploads\/2024\/11\/kaffeemaschine-beim-fruehstuecksbuffet-1024x666.jpg 1024w, https:\/\/amspiegeln.at\/wp-content\/uploads\/2024\/11\/kaffeemaschine-beim-fruehstuecksbuffet-768x500.jpg 768w\" sizes=\"auto, (max-width: 1333px) 100vw, 1333px\" \/>\t\t\t\t\t\t\t\t\t<\/a>\n\t\t\t\t\t\t\t<\/div>\n\t\t\t<\/div>\n<\/div>[\/vc_column][\/vc_row][vc_row full_width=&#8221;stretch_row&#8221; css=&#8221;.vc_custom_1753100222320{padding-top: 70px !important;padding-bottom: 0px !important;}&#8221;][vc_column width=&#8221;1\/6&#8243;][\/vc_column][vc_column width=&#8221;2\/3&#8243; el_class=&#8221;spiegel-center&#8221;]<div class=\"mkdf-section-title-holder  mkdf-st-standard mkdf-st-ha-center mkdf-st-title-left mkdf-st-normal-space \" style=\"text-align: center\">\n\t<div class=\"mkdf-st-inner\">\n\t\t\t\t\t\t\t<h5 class=\"mkdf-st-title\" >\n\t\t\t\tBreakfast and Catering\t\t\t\t\t\t\t<\/h5>\n\t\t\t\t\t\t\t<\/div>\n<\/div><div class=\"mkdf-separator-holder clearfix spiegel-mini-separator mkdf-separator-center \">\n\t<div class=\"mkdf-separator\" ><\/div>\n<\/div>\n[vc_column_text css=&#8221;&#8221;]The breakfast buffet offers a varied selection of products from regional agricultural production, organic tea and organic natural juices and much more to meet a wide range of needs and requirements.<\/p>\n<p>There is an easy-to-use drinks and snack machine in the foyer for late arrivals.<br \/>\nAlternatively, you can take a short walk to Mauer and visit one of the typical wine taverns there. We offer half board for groups of 25 people or more.[\/vc_column_text][\/vc_column][vc_column width=&#8221;1\/6&#8243;][\/vc_column][\/vc_row][vc_row full_width=&#8221;stretch_row&#8221; css=&#8221;.vc_custom_1753100244942{padding-top: 120px !important;padding-bottom: 120px !important;}&#8221; el_id=&#8221;best-price&#8221;][vc_column][vc_row_inner css=&#8221;.vc_custom_1731581163496{padding-bottom: 0px !important;}&#8221;][vc_column_inner width=&#8221;1\/3&#8243;][\/vc_column_inner][vc_column_inner width=&#8221;1\/3&#8243;]<div class=\"mkdf-section-title-holder  mkdf-st-standard mkdf-st-ha-center mkdf-st-title-left mkdf-st-normal-space \" style=\"text-align: center\">\n\t<div class=\"mkdf-st-inner\">\n\t\t\t\t\t\t\t<h3 class=\"mkdf-st-title\" >\n\t\t\t\tRoom Rates\t\t\t\t\t\t\t<\/h3>\n\t\t\t\t\t\t\t<div class=\"mkdf-st-separator\" ><\/div>\n\t\t\t\t\t<\/div>\n<\/div>[vc_column_text css=&#8221;&#8221;]<\/p>\n<p style=\"text-align: center\"><strong>Advantages of direct bookings:<\/strong><\/p>\n<ul style=\"text-align: center\">\n<li style=\"text-align: left\">BEST PRICE guarantee<\/li>\n<li style=\"text-align: left\">Flexible change of booking dates<\/li>\n<li style=\"text-align: left\">Booking possible by e-mail, to dialoghotelwien@amspiegeln.at<\/li>\n<li style=\"text-align: left\">Payment also by bank transfer<\/li>\n<li style=\"text-align: left\">Late check-out (on request)<\/li>\n<li style=\"text-align: left\">Free car park and WLAN<\/li>\n<\/ul>\n<p style=\"text-align: center\">Bookable with \/ without breakfast<\/p>\n<p style=\"text-align: center\">Low season (NS): Jan, Feb, Jul, Aug<\/p>\n<p style=\"text-align: center\">Prices include taxes and duties.<br \/>\nWe attach great importance to the protection of your personal data.<\/p>\n<p>[\/vc_column_text][vc_empty_space height=&#8221;40px&#8221;][\/vc_column_inner][vc_column_inner width=&#8221;1\/3&#8243;][\/vc_column_inner][\/vc_row_inner][vc_row_inner css=&#8221;.vc_custom_1731581163496{padding-bottom: 0px !important;}&#8221;][vc_column_inner width=&#8221;1\/6&#8243;][\/vc_column_inner][vc_column_inner width=&#8221;2\/3&#8243; css=&#8221;.vc_custom_1731581961108{border-top-width: 2px !important;border-right-width: 2px !important;border-bottom-width: 2px !important;border-left-width: 2px !important;padding-top: 25px !important;padding-right: 25px !important;padding-bottom: 25px !important;padding-left: 25px !important;border-left-style: solid !important;border-right-style: solid !important;border-top-style: solid !important;border-bottom-style: solid !important;border-color: #E41D37 !important;}&#8221;]<div class=\"mkdf-elements-holder   mkdf-two-columns  mkdf-responsive-mode-1024 \" ><div class=\"mkdf-eh-item    \"  data-item-class=\"mkdf-eh-custom-5018\">\n\t<div class=\"mkdf-eh-item-inner\">\n\t\t<div class=\"mkdf-eh-item-content mkdf-eh-custom-5018\" >\n\t\t\t[vc_column_text css=&#8221;&#8221;]<strong>Best flexible daily rate (HS from \u20ac 100 single room, \u20ac 148 double room):<\/strong><\/p>\n<ul>\n<li>Cancellable until the day before arrival<\/li>\n<li>Easy change of booking date without additional costs<\/li>\n<li>Direct communication with the hotel to clarify concerns<\/li>\n<\/ul>\n<p><strong>Non-refundable rate (HS from \u20ac 89 single room, \u20ac 134 double room):<\/strong><\/p>\n<ul>\n<li>Deposit via credit card required<\/li>\n<li>A date change is only possible once<\/li>\n<li>NO refund of the price in case of no-show<\/li>\n<\/ul>\n<p>We are happy to create customised offers for groups, please use our quick enquiry form.[\/vc_column_text][vc_empty_space height=&#8221;40px&#8221;]\t\t<\/div>\n\t<\/div>\n<\/div><div class=\"mkdf-eh-item   mkdf-horizontal-alignment-center \"  data-item-class=\"mkdf-eh-custom-4362\">\n\t<div class=\"mkdf-eh-item-inner\">\n\t\t<div class=\"mkdf-eh-item-content mkdf-eh-custom-4362\" >\n\t\t\t<a itemprop=\"url\" href=\"https:\/\/be.synxis.com\/?adult=2&#038;chain=5375&#038;currency=EUR&#038;hotel=26574&#038;locale=en-US&#038;promo=dialog&#038;_ga=2.7646450.1582712721.1731679084-804180043.1731679083\" target=\"_blank\" style=\"margin: 0 auto 0 auto\" class=\"mkdf-btn mkdf-btn-medium mkdf-btn-solid\"  >\n    <span class=\"mkdf-btn-text\">Book a room at the BEST PRICE<\/span>\n    <\/a>[vc_empty_space height=&#8221;18px&#8221;]<a itemprop=\"url\" href=\"https:\/\/amspiegeln.at\/en\/request\" target=\"_self\" style=\"margin: 0 auto 0 auto\" class=\"mkdf-btn mkdf-btn-medium mkdf-btn-solid\"  >\n    <span class=\"mkdf-btn-text\">Quick request for groups<\/span>\n    <\/a>\t\t<\/div>\n\t<\/div>\n<\/div><\/div>[\/vc_column_inner][vc_column_inner width=&#8221;1\/6&#8243;][\/vc_column_inner][\/vc_row_inner][\/vc_column][\/vc_row][vc_row][vc_column][vc_widget_sidebar sidebar_id=&#8221;content-bottom&#8221;][\/vc_column][\/vc_row]<\/p>\n<\/div>","protected":false},"excerpt":{"rendered":"<p>[vc_row row_content_width=&#8221;grid&#8221; css=&#8221;.vc_custom_1620042355053{padding-top: 100px !important;padding-bottom: 60px !important;}&#8221;][vc_column width=&#8221;1\/6&#8243;][\/vc_column][vc_column width=&#8221;2\/3&#8243;][vc_column_text css=&#8221;&#8221;] Perfect for tourists &amp; business travellers. Our spacious rooms with a view of the Viennese vineyards invite you to relax and switch off. Arrive relaxed. If you check in after [&hellip;]<\/p>\n","protected":false},"author":1,"featured_media":0,"parent":0,"menu_order":0,"comment_status":"closed","ping_status":"closed","template":"","meta":{"inline_featured_image":false,"footnotes":""},"class_list":["post-14778","page","type-page","status-publish","hentry"],"_links":{"self":[{"href":"https:\/\/amspiegeln.at\/en\/wp-json\/wp\/v2\/pages\/14778","targetHints":{"allow":["GET"]}}],"collection":[{"href":"https:\/\/amspiegeln.at\/en\/wp-json\/wp\/v2\/pages"}],"about":[{"href":"https:\/\/amspiegeln.at\/en\/wp-json\/wp\/v2\/types\/page"}],"author":[{"embeddable":true,"href":"https:\/\/amspiegeln.at\/en\/wp-json\/wp\/v2\/users\/1"}],"replies":[{"embeddable":true,"href":"https:\/\/amspiegeln.at\/en\/wp-json\/wp\/v2\/comments?post=14778"}],"version-history":[{"count":46,"href":"https:\/\/amspiegeln.at\/en\/wp-json\/wp\/v2\/pages\/14778\/revisions"}],"predecessor-version":[{"id":17312,"href":"https:\/\/amspiegeln.at\/en\/wp-json\/wp\/v2\/pages\/14778\/revisions\/17312"}],"wp:attachment":[{"href":"https:\/\/amspiegeln.at\/en\/wp-json\/wp\/v2\/media?parent=14778"}],"curies":[{"name":"wp","href":"https:\/\/api.w.org\/{rel}","templated":true}]}}